{"version":"1.0","provider_name":"Camping Terra Verdon","provider_url":"https:\/\/camping-terra-verdon.com\/de\/","title":"Wandern Verdon-Schlucht | Wei\u00df Trail Martel | Wandern Verdon","type":"rich","width":600,"height":338,"html":"<blockquote class=\"wp-embedded-content\" data-secret=\"Hfyj1Mhi36\"><a href=\"https:\/\/camping-terra-verdon.com\/de\/le-verdon-de\/organisierte-wanderungen\/\">Wandern in den Gorges du Verdon<\/a><\/blockquote><iframe sandbox=\"allow-scripts\" security=\"restricted\" src=\"https:\/\/camping-terra-verdon.com\/de\/le-verdon-de\/organisierte-wanderungen\/embed\/#?secret=Hfyj1Mhi36\" width=\"600\" height=\"338\" title=\"&#8222;Wandern in den Gorges du Verdon&#8220; &#8211; Camping Terra Verdon\" data-secret=\"Hfyj1Mhi36\" frameborder=\"0\" marginwidth=\"0\" marginheight=\"0\" scrolling=\"no\" class=\"wp-embedded-content\"><\/iframe><script>\n\/*! This file is auto-generated *\/\n!function(d,l){\"use strict\";l.querySelector&&d.addEventListener&&\"undefined\"!=typeof URL&&(d.wp=d.wp||{},d.wp.receiveEmbedMessage||(d.wp.receiveEmbedMessage=function(e){var t=e.data;if((t||t.secret||t.message||t.value)&&!\/[^a-zA-Z0-9]\/.test(t.secret)){for(var s,r,n,a=l.querySelectorAll('iframe[data-secret=\"'+t.secret+'\"]'),o=l.querySelectorAll('blockquote[data-secret=\"'+t.secret+'\"]'),c=new RegExp(\"^https?:$\",\"i\"),i=0;i<o.length;i++)o[i].style.display=\"none\";for(i=0;i<a.length;i++)s=a[i],e.source===s.contentWindow&&(s.removeAttribute(\"style\"),\"height\"===t.message?(1e3<(r=parseInt(t.value,10))?r=1e3:~~r<200&&(r=200),s.height=r):\"link\"===t.message&&(r=new URL(s.getAttribute(\"src\")),n=new URL(t.value),c.test(n.protocol))&&n.host===r.host&&l.activeElement===s&&(d.top.location.href=t.value))}},d.addEventListener(\"message\",d.wp.receiveEmbedMessage,!1),l.addEventListener(\"DOMContentLoaded\",function(){for(var e,t,s=l.querySelectorAll(\"iframe.wp-embedded-content\"),r=0;r<s.length;r++)(t=(e=s[r]).getAttribute(\"data-secret\"))||(t=Math.random().toString(36).substring(2,12),e.src+=\"#?secret=\"+t,e.setAttribute(\"data-secret\",t)),e.contentWindow.postMessage({message:\"ready\",secret:t},\"*\")},!1)))}(window,document);\n\/\/# sourceURL=https:\/\/camping-terra-verdon.com\/wp-includes\/js\/wp-embed.min.js\n<\/script>\n","thumbnail_url":"https:\/\/camping-terra-verdon.com\/wp-content\/uploads\/2022\/04\/339_Camping_Verdon_Ciela_Village_Terra_Verdon_Nature.jpg","thumbnail_width":500,"thumbnail_height":400,"description":"Die Wanderungen des Campingplatzes Terra Verdon Das Team des Campingplatzes m\u00f6chte Ihnen unbedingt unsere Region in all ihren Facetten n\u00e4herbringen. Deshalb haben wir ein unersch\u00f6pfliches Wanderprogramm f\u00fcr Sie zusammengestellt. Einfache Spazierg\u00e4nge f\u00fcr die ganze Familie oder Wanderungen in die Berge f\u00fcr schwindelfreie G\u00e4ste \u2013 unser Team ber\u00e4t Sie gerne und findet f\u00fcr jeden das Richtige. [&hellip;]"}